{"id":2,"date":"2018-05-17T07:26:31","date_gmt":"2018-05-17T07:26:31","guid":{"rendered":"https:\/\/rasfa.org\/?page_id=2"},"modified":"2025-01-31T11:14:20","modified_gmt":"2025-01-31T11:14:20","slug":"inici","status":"publish","type":"page","link":"https:\/\/rasfa.org\/","title":{"rendered":"Inici"},"content":{"rendered":"[mk_page_section bg_image=\u00bbhttps:\/\/rasfa.org\/wp-content\/uploads\/2018\/05\/home.jpg\u00bb blend_mode=\u00bbdarken\u00bb border_color=\u00bb#e5e5e5&#8243; attachment=\u00bbfixed\u00bb bg_position=\u00bbcenter center\u00bb bg_repeat=\u00bbno-repeat\u00bb bg_stretch=\u00bbtrue\u00bb enable_3d=\u00bbtrue\u00bb top_shadow=\u00bbtrue\u00bb min_height=\u00bb600&#8243; padding_top=\u00bb0&#8243; padding_bottom=\u00bb0&#8243; sidebar=\u00bbsidebar-1&#8243;][vc_column][mk_fancy_title tag_name=\u00bbh1&#8243; color=\u00bb#ffffff\u00bb size=\u00bb40&#8243; line_height=\u00bb104&#8243; font_weight=\u00bbbolder\u00bb font_style=\u00bbnormal\u00bb letter_spacing=\u00bb1&#8243; margin_top=\u00bb350&#8243; font_family=\u00bbnone\u00bb align=\u00bbcenter\u00bb animation=\u00bbfade-in\u00bb]\n<p style=\"text-align: center;\">Associaci\u00f3 Sagrada Fam\u00edlia<br \/>\nper a ancians<\/p>\n[\/mk_fancy_title][\/vc_column][\/mk_page_section][mk_page_section bg_color=\u00bb#769dbf\u00bb js_vertical_centered=\u00bbtrue\u00bb sidebar=\u00bbsidebar-1&#8243;][vc_column][mk_fancy_title color=\u00bb#ffffff\u00bb size=\u00bb16&#8243; font_weight=\u00bbbold\u00bb letter_spacing=\u00bb1&#8243; margin_bottom=\u00bb0&#8243; font_family=\u00bbRaleway\u00bb font_type=\u00bbgoogle\u00bb align=\u00bbcenter\u00bb]\n<blockquote>\n<p style=\"text-align: left;\">Complim amb totes les mesures COVID-19 i protocols d\u2019actuaci\u00f3 macats per Salut.<br \/>\nTamb\u00e9 tenim un pla de conting\u00e8ncia per actuar en cas de brot.<br \/>\nEl nostre Centre disposa d&#8217;un comit\u00e8 de conting\u00e8ncia COVID-19 format per al comandament executiu, la Direcci\u00f3, i un comandament assistencial format per l&#8217;equip sanitari del Centre l&#8217;EAP, coordinats per l&#8217;Ag\u00e8ncia de Salut P\u00fablica.<br \/>\nAquest comit\u00e8 t\u00e9 les funcions de detecci\u00f3 i diagn\u00f2stic de casos nous, cribatges, estudi de casos i a\u00efllament, sectoritzaci\u00f3, disponibilitat de EPIs, gesti\u00f3 de trasllats.<\/p>\n<\/blockquote>\n[\/mk_fancy_title][\/vc_column][\/mk_page_section][mk_page_section padding_top=\u00bb40&#8243; sidebar=\u00bbsidebar-1&#8243;][vc_column width=\u00bb1\/3&#8243;][mk_font_icons icon=\u00bbmk-icon-cogs\u00bb color=\u00bb#008000&#8243; size=\u00bblarge\u00bb align=\u00bbcenter\u00bb][mk_fancy_title color=\u00bb#000000&#8243; size=\u00bb18&#8243; font_weight=\u00bb300&#8243; letter_spacing=\u00bb1&#8243; font_family=\u00bbRaleway\u00bb font_type=\u00bbgoogle\u00bb align=\u00bbcenter\u00bb]\n<p style=\"text-align: center;\">Creiem que mantenir la ment activa \u00e9s important<\/p>\n[\/mk_fancy_title][mk_fancy_title color=\u00bb#aaaaaa\u00bb size=\u00bb16&#8243; font_family=\u00bbnone\u00bb align=\u00bbcenter\u00bb]\n<p style=\"text-align: left;\">Consulta el nostre calendari amb les activitats programades.<\/p>\n[\/mk_fancy_title][\/vc_column][vc_column width=\u00bb1\/3&#8243;][mk_font_icons icon=\u00bbmk-icon-child\u00bb color=\u00bb#008000&#8243; size=\u00bblarge\u00bb align=\u00bbcenter\u00bb][mk_fancy_title color=\u00bb#000000&#8243; size=\u00bb30&#8243; line_height=\u00bb39&#8243; font_weight=\u00bb300&#8243; letter_spacing=\u00bb1&#8243; font_family=\u00bbRaleway\u00bb font_type=\u00bbgoogle\u00bb align=\u00bbcenter\u00bb]\n<p style=\"text-align: center;\">Benvinguts<\/p>\n[\/mk_fancy_title][mk_fancy_title color=\u00bb#1e73be\u00bb size=\u00bb19&#8243; font_weight=\u00bb300&#8243; margin_top=\u00bb5&#8243; font_family=\u00bbnone\u00bb align=\u00bbcenter\u00bb]\n<p style=\"text-align: center;\">L&#8217; Associaci\u00f3\u00a0Sagrada Fam\u00edlia per a ancians \u00e9s una entitat assistencial\u00a0<b>sense afany de lucre<\/b> per a gent gran sense recursos\u00a0situada en el barri de la Sagrada Fam\u00edlia.<\/p>\n[\/mk_fancy_title][\/vc_column][vc_column width=\u00bb1\/3&#8243;][mk_font_icons icon=\u00bbmk-icon-comments-o\u00bb color=\u00bb#008000&#8243; size=\u00bblarge\u00bb align=\u00bbcenter\u00bb][mk_fancy_title color=\u00bb#000000&#8243; size=\u00bb18&#8243; font_weight=\u00bb300&#8243; letter_spacing=\u00bb1&#8243; font_family=\u00bbRaleway\u00bb font_type=\u00bbgoogle\u00bb align=\u00bbcenter\u00bb]\n<p style=\"text-align: center;\">Creiem que tenir un vincle actiu amb els altres \u00e9s important<\/p>\n[\/mk_fancy_title][mk_fancy_title color=\u00bb#aaaaaa\u00bb size=\u00bb16&#8243; font_family=\u00bbnone\u00bb align=\u00bbcenter\u00bb]\n<p class=\"Table-Body-P\" style=\"text-align: left;\"><span class=\"Table-Body-C-C2\">Tenim un grup actiu de voluntaris que col\u00b7laboren amb nosaltres.\u00a0<\/span><span class=\"Table-Body-C-C2\">Estem molt agra\u00efts per les activitats que fan amb nosaltres.<br \/>\n<b>GR\u00c0CIES A TOTS!<\/b><\/span><\/p>\n[\/mk_fancy_title][\/vc_column][\/mk_page_section][mk_page_section bg_color=\u00bb#769dbf\u00bb js_vertical_centered=\u00bbtrue\u00bb sidebar=\u00bbsidebar-1&#8243;][vc_column][mk_fancy_title color=\u00bb#ffffff\u00bb size=\u00bb30&#8243; font_weight=\u00bbbold\u00bb letter_spacing=\u00bb1&#8243; margin_bottom=\u00bb0&#8243; font_family=\u00bbRaleway\u00bb font_type=\u00bbgoogle\u00bb align=\u00bbcenter\u00bb]\n<p style=\"text-align: center;\">Tenim places col\u00b7laboradores i privades<\/p>\n[\/mk_fancy_title][\/vc_column][\/mk_page_section][mk_page_section section_id=\u00bbhistoria\u00bb sidebar=\u00bbsidebar-1&#8243;][vc_column width=\u00bb1\/6&#8243;][\/vc_column][vc_column width=\u00bb2\/3&#8243;][mk_fancy_title color=\u00bb#008000&#8243; size=\u00bb30&#8243; font_weight=\u00bb400&#8243; letter_spacing=\u00bb1&#8243; margin_top=\u00bb30&#8243; font_family=\u00bbRaleway\u00bb font_type=\u00bbgoogle\u00bb align=\u00bbcenter\u00bb]\n<p style=\"text-align: center;\">Hist\u00f2ria de l&#8217;Associaci\u00f3<\/p>\n[\/mk_fancy_title][mk_divider style=\u00bbthick_solid\u00bb divider_width=\u00bbcustom_width\u00bb custom_width=\u00bb30&#8243; border_color=\u00bb#6f91a7&#8243; margin_top=\u00bb0&#8243; margin_bottom=\u00bb40&#8243;][mk_fancy_title color=\u00bb#6f91a7&#8243; size=\u00bb18&#8243; font_weight=\u00bb500&#8243; font_family=\u00bbRaleway\u00bb font_type=\u00bbgoogle\u00bb align=\u00bbcenter\u00bb]\n<p style=\"text-align: center;\">Som una resid\u00e8ncia situada al barri de la Sagrada Fam\u00edlia amb la finalitat que <b>els nostres residents hi trobin totes les atencions i l\u2019afecte que tant necessita la gent gran en aquesta etapa de la vida.<\/b><\/p>\n[\/mk_fancy_title][\/vc_column][vc_column width=\u00bb1\/6&#8243;][\/vc_column][\/mk_page_section][mk_page_section padding_top=\u00bb30&#8243; sidebar=\u00bbsidebar-1&#8243;][vc_column width=\u00bb1\/2&#8243;][vc_single_image image=\u00bb55&#8243; img_size=\u00bblarge\u00bb alignment=\u00bbcenter\u00bb style=\u00bbvc_box_shadow_3d\u00bb][\/vc_column][vc_column width=\u00bb1\/2&#8243;][vc_column_text css=\u00bb.vc_custom_1527065216193{margin-bottom: 0px !important;}\u00bb]El 1979 un grup de persones de l&#8217;Arxiprestat de la Sagrada Fam\u00edlia, ajudats pel moss\u00e8n\u00a0<span class=\"hiddenSpellError\">Pellisa<\/span>\u00a0i l&#8217;assistent social Teresa Sim\u00f3, van unir-se per engegar junts un projecte que pal\u00b7li\u00e9s una necessitat cada cop m\u00e9s preocupant al nostre barri: l&#8217;acolliment a les persones grans amb pocs recursos econ\u00f2mics, amb car\u00e8ncies familiars i\/o socials, que no podien viure soles. Avui dia, l&#8217;Associaci\u00f3 Sagrada Fam\u00edlia per Ancians, \u00e9s una entitat assistencial sense \u00e0nim de lucre, i continua treballant amb el mateix esperit d&#8217;ajuda i de servei al barri. Durant tot aquest temps hem funcionat amb plena ocupaci\u00f3 i ajudats per molt\u00edssima gent, que han treballat de forma volunt\u00e0ria i assalariada per tal d&#8217;aconseguir que els residents se sentin atesos, acollits i millorin aix\u00ed la seva qualitat de vida.<\/p>\n<p>Durant aquest temps hem millorat el servei que hem ofert, adaptant-lo a les noves circumst\u00e0ncies i a les noves necessitats de la gent gran, per\u00f2 encara tenim nous projectes per tal d&#8217;avan\u00e7ar en la nostra feina amb els qui m\u00e9s ho necessiten; la gent gran.[\/vc_column_text][vc_btn title=\u00bbDescarrega la nostra carta de serveis\u00bb style=\u00bboutline\u00bb shape=\u00bbsquare\u00bb color=\u00bbgreen\u00bb size=\u00bblg\u00bb link=\u00bburl:https%3A%2F%2Frasfa.org%2FCarta%20de%20Serveis.pdf||target:%20_blank|\u00bb][\/vc_column][\/mk_page_section][mk_page_section bg_image=\u00bbhttps:\/\/rasfa.org\/wp-content\/uploads\/2018\/05\/adult-ball-close-up-view-339619.jpg\u00bb bg_color=\u00bb#ffffff\u00bb bg_repeat=\u00bbno-repeat\u00bb bg_stretch=\u00bbtrue\u00bb enable_3d=\u00bbtrue\u00bb video_mask=\u00bbtrue\u00bb video_color_mask=\u00bb#ffffff\u00bb video_opacity=\u00bb0.8&#8243; top_shadow=\u00bbtrue\u00bb js_vertical_centered=\u00bbtrue\u00bb padding_top=\u00bb30&#8243; section_id=\u00bbqueoferim\u00bb sidebar=\u00bbsidebar-1&#8243;][vc_column][mk_fancy_title color=\u00bb#008000&#8243; size=\u00bb30&#8243; line_height=\u00bb39&#8243; font_weight=\u00bb400&#8243; letter_spacing=\u00bb1&#8243; margin_top=\u00bb30&#8243; font_family=\u00bbRaleway\u00bb font_type=\u00bbgoogle\u00bb align=\u00bbcenter\u00bb]\n<p style=\"text-align: center;\">Qu\u00e8 oferim?<\/p>\n[\/mk_fancy_title][mk_divider style=\u00bbthick_solid\u00bb divider_width=\u00bbcustom_width\u00bb custom_width=\u00bb30&#8243; border_color=\u00bb#6f91a7&#8243; margin_top=\u00bb0&#8243; margin_bottom=\u00bb40&#8243;][vc_tabs container_bg_color=\u00bb\u00bb][vc_tab icon=\u00bbmk-icon-ambulance\u00bb title=\u00bbServeis Especialitzats\u00bb tab_id=\u00bb1526902511-1-26&#8243;][mk_custom_list]\n<ul>\n<li><span style=\"color: #777777;\"><b>Habitacions individuals i de dues places<\/b><\/span><\/li>\n<li><span style=\"color: #777777;\"><b>Manutenci\u00f3. El centre disposa de cuina casolana pr\u00f2pia, adaptant-se els men\u00fas a les necessitats dels nostres usuaris.<\/b><\/span><\/li>\n<li><span style=\"color: #777777;\"><b>Rehabilitaci\u00f3, facilitant la recuperaci\u00f3 de l&#8217;usuari en la mesura de les seves possibilitats, psicol\u00f2gica i f\u00edsica.<\/b><\/span><\/li>\n<li><span style=\"color: #777777;\"><b>Oferim\u00a0una atenci\u00f3 espiritual per a tots els residents \u00a0que ho desitgin.<\/b><\/span><\/li>\n<\/ul>\n[\/mk_custom_list][\/vc_tab][vc_tab icon=\u00bbmk-moon-users-4&#8243; title=\u00bbAtenci\u00f3 Profesional Especialitzada\u00bb tab_id=\u00bb1526902511-2-69&#8243;][mk_custom_list]\n<ul>\n<li>Metge<\/li>\n<li>Responsable higi\u00e8nic sanitari<\/li>\n<li>Fisioterapeuta<\/li>\n<li>Educadora social<\/li>\n<li>Psic\u00f2loga<\/li>\n<li>Treballadora social<\/li>\n<li>Diplomat d&#8217;infermeria<\/li>\n<li>Auxiliars de geriatria amb titulaci\u00f3<\/li>\n<li>Bugaderia i rep\u00e0s de la roba de l&#8217;usuari<\/li>\n<li>Neteja<\/li>\n<\/ul>\n[\/mk_custom_list][\/vc_tab][\/vc_tabs][\/vc_column][\/mk_page_section][mk_page_section full_width=\u00bbtrue\u00bb padding_top=\u00bb60&#8243; padding_bottom=\u00bb60&#8243; section_id=\u00bbideari\u00bb sidebar=\u00bbsidebar-1&#8243;][vc_column][mk_fancy_title color=\u00bb#008000&#8243; size=\u00bb30&#8243; line_height=\u00bb39&#8243; font_weight=\u00bb400&#8243; letter_spacing=\u00bb1&#8243; margin_top=\u00bb30&#8243; font_family=\u00bbRaleway\u00bb font_type=\u00bbgoogle\u00bb align=\u00bbcenter\u00bb]\n<p style=\"text-align: center;\">Ideari<\/p>\n[\/mk_fancy_title][mk_divider style=\u00bbthick_solid\u00bb divider_width=\u00bbcustom_width\u00bb custom_width=\u00bb30&#8243; border_color=\u00bb#6f91a7&#8243; margin_top=\u00bb0&#8243; margin_bottom=\u00bb40&#8243;][vc_row_inner is_fullwidth_content=\u00bbfalse\u00bb][vc_column_inner width=\u00bb1\/3&#8243;][mk_font_icons icon=\u00bbmk-icon-paper-plane\u00bb color=\u00bb#122a41&#8243; size=\u00bblarge\u00bb align=\u00bbcenter\u00bb][vc_column_text css=\u00bb.vc_custom_1667828731043{margin-bottom: 0px !important;}\u00bb]\n<h4 style=\"text-align: center;\">MISSI\u00d3<\/h4>\n<p>La missi\u00f3 de la nostra Associaci\u00f3 \u00e9s la d\u2019acollir a persones grans de m\u00e9s de 65 anys, d\u2019una manera familiar i sense \u00e0nim de lucre, que requereixen una atenci\u00f3 continuada i progressiva per aconseguir el millor benestar possible i la millora de la seva qualitat de vida.[\/vc_column_text][\/vc_column_inner][vc_column_inner width=\u00bb1\/3&#8243;][mk_font_icons icon=\u00bbmk-icon-eye\u00bb color=\u00bb#122a41&#8243; size=\u00bblarge\u00bb align=\u00bbcenter\u00bb][vc_column_text css=\u00bb.vc_custom_1667828773107{margin-bottom: 0px !important;}\u00bb]\n<h4 style=\"text-align: center;\">VISI\u00d3<\/h4>\n<p>Busquem desenvolupar amb \u00e8xit un sistema de gesti\u00f3 basat en la qualitat, en l&#8217;atenci\u00f3 integral i en el treball en equip destacant pel fort comprom\u00eds que adoptem amb el resident per brindar l&#8217;excel\u00b7l\u00e8ncia assistencial.<br \/>\nGarantim una atenci\u00f3 personalitzada i ajustada a les necessitats de cada resident tant en l&#8217;\u00e0mbit sanitari, assistencial, social i recreatiu.[\/vc_column_text][\/vc_column_inner][vc_column_inner width=\u00bb1\/3&#8243;][mk_font_icons icon=\u00bbmk-icon-bank\u00bb color=\u00bb#122a41&#8243; size=\u00bblarge\u00bb align=\u00bbcenter\u00bb][vc_column_text css=\u00bb.vc_custom_1667895109266{margin-bottom: 0px !important;}\u00bb]\n<h4 style=\"text-align: center;\">FILOSOFIA I VALORS<\/h4>\n<p>Es fonamenta en una filosofia de treball centrada en la qualitat humana i de servei que aspira a tenir sempre en compte les necessitats individuals de cada persona gran. Treballem perqu\u00e8 els nostres residents se sentin acollits, recolzats i ajudats per tota la professionalitat I afecte, en un ambient alegre, positiu i c\u00e0lid.[\/vc_column_text][\/vc_column_inner][\/vc_row_inner][\/vc_column][\/mk_page_section][mk_page_section bg_image=\u00bbhttps:\/\/rasfa.org\/wp-content\/uploads\/2018\/05\/instalacions_rasfa.jpg\u00bb bg_color=\u00bb#ffffff\u00bb attachment=\u00bbfixed\u00bb bg_position=\u00bbcenter center\u00bb bg_repeat=\u00bbno-repeat\u00bb bg_stretch=\u00bbtrue\u00bb enable_3d=\u00bbtrue\u00bb video_color_mask=\u00bb#ffffff\u00bb video_opacity=\u00bb0.8&#8243; top_shadow=\u00bbtrue\u00bb padding_top=\u00bb60&#8243; padding_bottom=\u00bb60&#8243; section_id=\u00bbinstalacions\u00bb sidebar=\u00bbsidebar-1&#8243;][vc_column][mk_fancy_title color=\u00bb#008000&#8243; size=\u00bb30&#8243; font_weight=\u00bb400&#8243; letter_spacing=\u00bb1&#8243; margin_top=\u00bb30&#8243; font_family=\u00bbRaleway\u00bb font_type=\u00bbgoogle\u00bb align=\u00bbcenter\u00bb]\n<p style=\"text-align: center;\">Les nostres instal\u00b7lacions<\/p>\n[\/mk_fancy_title][mk_divider style=\u00bbthick_solid\u00bb divider_width=\u00bbcustom_width\u00bb custom_width=\u00bb30&#8243; border_color=\u00bb#6f91a7&#8243; margin_top=\u00bb0&#8243; margin_bottom=\u00bb40&#8243;][mk_gallery images=\u00bb388,389,390,391,377,376,373,365,364,363,362,361,360,359,358,357,356,355,312,399,401,402&#8243; hover_scenarios=\u00bbslow_zoom\u00bb frame_style=\u00bbgrid\u00bb order=\u00bbDESC\u00bb disable_lazyload=\u00bbtrue\u00bb][vc_row_inner][vc_column_inner width=\u00bb1\/2&#8243;][vc_video link=\u00bbhttps:\/\/www.youtube.com\/watch?v=47i-3Cc1qKw&amp;feature=youtu.be\u00bb animation=\u00bbfade-in\u00bb][vc_video link=\u00bbhttps:\/\/www.youtube.com\/watch?v=1dMmMeeWHw0&amp;feature=youtu.be\u00bb animation=\u00bbfade-in\u00bb][\/vc_column_inner][vc_column_inner width=\u00bb1\/2&#8243;][vc_video link=\u00bbhttps:\/\/www.youtube.com\/watch?v=d3fLJUQ1LF0&#8243; animation=\u00bbfade-in\u00bb][vc_video link=\u00bbhttps:\/\/www.youtube.com\/watch?v=fJPQ1GVjxP4&#8243; animation=\u00bbfade-in\u00bb][\/vc_column_inner][\/vc_row_inner][\/vc_column][\/mk_page_section][mk_page_section padding_top=\u00bb60&#8243; padding_bottom=\u00bb60&#8243; section_id=\u00bbactivitats\u00bb sidebar=\u00bbsidebar-1&#8243;][vc_column][mk_fancy_title color=\u00bb#008000&#8243; size=\u00bb30&#8243; line_height=\u00bb39&#8243; font_weight=\u00bb400&#8243; letter_spacing=\u00bb1&#8243; margin_top=\u00bb30&#8243; font_family=\u00bbRaleway\u00bb font_type=\u00bbgoogle\u00bb align=\u00bbcenter\u00bb]\n<p style=\"text-align: center;\">Activitats<\/p>\n[\/mk_fancy_title][mk_divider style=\u00bbthick_solid\u00bb divider_width=\u00bbcustom_width\u00bb custom_width=\u00bb30&#8243; border_color=\u00bb#6f91a7&#8243; margin_top=\u00bb0&#8243; margin_bottom=\u00bb40&#8243;][mk_fancy_title color=\u00bb#6f91a7&#8243; size=\u00bb18&#8243; font_weight=\u00bb500&#8243; font_family=\u00bbRaleway\u00bb font_type=\u00bbgoogle\u00bb align=\u00bbcenter\u00bb]\n<p style=\"text-align: center;\">Activitats proposades que varien cada mes<\/p>\n[\/mk_fancy_title][vc_tta_accordion style=\u00bbflat\u00bb c_align=\u00bbcenter\u00bb active_section=\u00bb\u00bb no_fill=\u00bbtrue\u00bb collapsible_all=\u00bbtrue\u00bb][vc_tta_section i_icon_fontawesome=\u00bbfa fa-calendar-o\u00bb add_icon=\u00bbtrue\u00bb title=\u00bbVeure activitats\u00bb tab_id=\u00bb1526909921645-6103c5f9-8bea\u00bb][mk_table]\n<table width=\"100%\">\n<thead>\n<tr>\n<th>DILLUNS<\/th>\n<th>DIMARTS<\/th>\n<th>DIMECRES<\/th>\n<th>DIJOUS<\/th>\n<th>DIVENDRES<\/th>\n<th>DISSABTE<\/th>\n<th>DIUMENGE<\/th>\n<\/tr>\n<\/thead>\n<tbody>\n<tr>\n<td><strong>Treball amb fisioterapeuta:<\/strong><br \/>\nfisioterapia grupal<br \/>\ntractament dolor<\/p>\n<p><strong>Treball amb psic\u00f2loga:<\/strong><br \/>\nestimulaci\u00f3 cognitiva oral<br \/>\nter\u00e0pia individual<\/p>\n<p><strong>Treball amb educadorora social:<\/strong><br \/>\nmusicoter\u00e0pia individual<\/td>\n<td><strong>Treball amb fisioterapeuta:<\/strong><br \/>\nfisioterapia grupal<br \/>\ndeambulaci\u00f3<\/p>\n<p><strong>Treball amb psic\u00f2loga:<\/strong><br \/>\njocs taula-domino<br \/>\nter\u00e0pia individual<\/p>\n<p><strong>Treball amb educadora social:<\/strong><br \/>\nmusicoter\u00e0pia individual<\/td>\n<td><strong>Treball amb fisioterapeuta:<\/strong><br \/>\nfisioterapia grupal<br \/>\nmassatges fisio<\/p>\n<p><strong>Treball amb psic\u00f2loga:<\/strong><br \/>\nestimulaci\u00f3 cognitiva<br \/>\namb mitjans digitals<br \/>\nter\u00e0pia individual<\/p>\n<p><strong>Treball amb educadora social:<\/strong><br \/>\nmusicoter\u00e0pia individual<\/td>\n<td><strong>Treball amb fisioterapeuta:<\/strong><br \/>\nfisioterapia grupal<br \/>\ntractament dolor<\/p>\n<p><strong>Treball amb psic\u00f2loga:<\/strong><br \/>\nestimulaci\u00f3 cognitiva oral<br \/>\nter\u00e0pia individual<\/p>\n<p><strong>Treball amb educadora social:<\/strong><br \/>\nmusicoter\u00e0pia individual<\/td>\n<td><strong>Treball amb fisioterapeuta:<\/strong><br \/>\nfisioterapia grupal<br \/>\ntaller sensorial<\/p>\n<p><strong>Treball amb educadora social:<\/strong><br \/>\nmusicoter\u00e0pia individual<br \/>\nxerrades individuals<\/td>\n<td>TV<br \/>\nSortides a carrer<br \/>\nVisites familiars<\/td>\n<td>Eucaristia<br \/>\nTV<br \/>\nVisites familiars<br \/>\nSortides a carrer<\/td>\n<\/tr>\n<tr>\n<td><strong>Treball amb educadora social:<\/strong><br \/>\nbingo o grup de conversa<\/td>\n<td><strong>Treball amb educadora social:<\/strong><br \/>\nlectura grupal<br \/>\nexercicis orals atenci\u00f3\/orientaci\u00f3<br \/>\nyayatube<\/td>\n<td><strong>Treball amb educadora social:<\/strong><br \/>\ntallers manuals<br \/>\npreparaci\u00f3 festes i estacions<\/td>\n<td><strong>Treball amb educadora social:<\/strong><br \/>\nreminisc\u00e8ncies grupals<br \/>\nexercicis cognitius de mem\u00f2ria\/funcions executives\/llenguatge<\/td>\n<td><strong>Treball amb educadora social:<\/strong><br \/>\nmusicoter\u00e0pia grupal<br \/>\nkaraoke o<br \/>\ncinema de cl\u00e0ssics<\/td>\n<td>Cinema TV cap de setmana<br \/>\nVisites familiars<br \/>\nSortides al carrer<\/td>\n<td>Cinema TV cap de setmana<br \/>\nVisites familiars<br \/>\nSortides al carrer<\/td>\n<\/tr>\n<\/tbody>\n<\/table>\n[\/mk_table][\/vc_tta_section][\/vc_tta_accordion][\/vc_column][\/mk_page_section][mk_page_section padding_top=\u00bb60&#8243; padding_bottom=\u00bb60&#8243; section_id=\u00bbactivitats\u00bb sidebar=\u00bbsidebar-1&#8243;][vc_column width=\u00bb1\/2&#8243;][vc_video link=\u00bbhttps:\/\/www.youtube.com\/watch?v=W2Cje9sy2S4&amp;feature=youtu.be\u00bb animation=\u00bbfade-in\u00bb][vc_video link=\u00bbhttps:\/\/www.youtube.com\/watch?v=Cf9CXHNYjMY&amp;feature=youtu.be\u00bb animation=\u00bbfade-in\u00bb][\/vc_column][vc_column width=\u00bb1\/2&#8243;][vc_video link=\u00bbhttps:\/\/www.youtube.com\/watch?v=zybrraT1sv8&#8243; animation=\u00bbfade-in\u00bb][vc_video link=\u00bbhttps:\/\/www.youtube.com\/watch?v=XT1hC0EO2eY&amp;feature=youtu.be&amp;fbclid=IwAR23RodBRm97x5gyd-c3UIsOoig297j2p1dLzhs53FpHgW2e9hBeuMs3QnE\u00bb animation=\u00bbfade-in\u00bb][\/vc_column][\/mk_page_section][mk_page_section bg_image=\u00bbhttps:\/\/rasfa.org\/wp-content\/uploads\/2018\/05\/tarifas.jpg\u00bb bg_color=\u00bb#ffffff\u00bb attachment=\u00bbfixed\u00bb bg_position=\u00bbcenter center\u00bb bg_repeat=\u00bbno-repeat\u00bb bg_stretch=\u00bbtrue\u00bb enable_3d=\u00bbtrue\u00bb video_color_mask=\u00bb#ffffff\u00bb video_opacity=\u00bb0.8&#8243; section_id=\u00bbtarifes\u00bb sidebar=\u00bbsidebar-1&#8243;][vc_column][mk_fancy_title color=\u00bb#008000&#8243; size=\u00bb30&#8243; line_height=\u00bb39&#8243; font_weight=\u00bb400&#8243; letter_spacing=\u00bb1&#8243; margin_top=\u00bb30&#8243; margin_bottom=\u00bb30&#8243; font_family=\u00bbRaleway\u00bb font_type=\u00bbgoogle\u00bb align=\u00bbcenter\u00bb]\n<p style=\"text-align: center;\">Tarifes<\/p>\n[\/mk_fancy_title][mk_divider style=\u00bbthick_solid\u00bb divider_width=\u00bbcustom_width\u00bb custom_width=\u00bb30&#8243; border_color=\u00bb#6f91a7&#8243; margin_top=\u00bb0&#8243; margin_bottom=\u00bb40&#8243;][vc_row_inner visibility=\u00bbhidden-sm\u00bb][vc_column_inner width=\u00bb1\/4&#8243;][mk_font_icons icon=\u00bbmk-icon-bullhorn\u00bb color=\u00bb#008000&#8243; size=\u00bbx-large\u00bb margin_horizental=\u00bb0&#8243; margin_vertical=\u00bb0&#8243; align=\u00bbright\u00bb][\/vc_column_inner][vc_column_inner width=\u00bb3\/4&#8243;][mk_fancy_title color=\u00bb#6f91a7&#8243; size=\u00bb20&#8243; font_weight=\u00bb500&#8243; font_family=\u00bbRaleway\u00bb font_type=\u00bbgoogle\u00bb align=\u00bbcenter\u00bb]\n<p style=\"text-align: left;\"><b>Tenim places privades i col\u00b7laboradores.<\/b><br \/>\nLa pla\u00e7a privada t\u00e9 el cost de 2.366,87 euros\/mes (IVA incl\u00f3s).<\/p>\n[\/mk_fancy_title][\/vc_column_inner][\/vc_row_inner][vc_row_inner visibility=\u00bbvisible-sm\u00bb][vc_column_inner][mk_font_icons icon=\u00bbmk-icon-bullhorn\u00bb color=\u00bb#008000&#8243; size=\u00bbx-large\u00bb margin_horizental=\u00bb0&#8243; margin_vertical=\u00bb0&#8243; align=\u00bbcenter\u00bb][mk_fancy_title color=\u00bb#6f91a7&#8243; size=\u00bb20&#8243; font_weight=\u00bb500&#8243; font_family=\u00bbRaleway\u00bb font_type=\u00bbgoogle\u00bb align=\u00bbcenter\u00bb]\n<p style=\"text-align: left;\"><b>Tenim places privades i col\u00b7laboradores.<\/b><br \/>\nLa pla\u00e7a privada t\u00e9 el cost de 2.366,87 euros\/mes (IVA incl\u00f3s).<\/p>\n[\/mk_fancy_title][\/vc_column_inner][\/vc_row_inner][\/vc_column][\/mk_page_section][mk_page_section section_id=\u00bbcolaboradors\u00bb sidebar=\u00bbsidebar-1&#8243;][vc_column][mk_fancy_title color=\u00bb#008000&#8243; size=\u00bb30&#8243; font_weight=\u00bb400&#8243; letter_spacing=\u00bb1&#8243; margin_top=\u00bb40&#8243; font_family=\u00bbRaleway\u00bb font_type=\u00bbgoogle\u00bb align=\u00bbcenter\u00bb]\n<p style=\"text-align: center;\">Parr\u00f2quies col\u00b7laboradores<\/p>\n[\/mk_fancy_title][mk_divider style=\u00bbthick_solid\u00bb divider_width=\u00bbcustom_width\u00bb custom_width=\u00bb30&#8243; border_color=\u00bb#6f91a7&#8243; margin_top=\u00bb0&#8243; margin_bottom=\u00bb40&#8243;][\/vc_column][\/mk_page_section][mk_page_section padding_bottom=\u00bb40&#8243; sidebar=\u00bbsidebar-1&#8243;][vc_column width=\u00bb1\/4&#8243;][vc_single_image image=\u00bb157&#8243; img_size=\u00bb200&#215;200&#8243; alignment=\u00bbcenter\u00bb][mk_fancy_title color=\u00bb#274f77&#8243; size=\u00bb20&#8243; line_height=\u00bb39&#8243; font_weight=\u00bb600&#8243; letter_spacing=\u00bb1&#8243; margin_top=\u00bb20&#8243; font_family=\u00bbRaleway\u00bb font_type=\u00bbgoogle\u00bb align=\u00bbcenter\u00bb]\n<p style=\"text-align: center;\">Esperit Sant<\/p>\n[\/mk_fancy_title][\/vc_column][vc_column width=\u00bb1\/4&#8243;][vc_single_image image=\u00bb137&#8243; img_size=\u00bb200&#215;200&#8243; alignment=\u00bbcenter\u00bb][mk_fancy_title color=\u00bb#274f77&#8243; size=\u00bb20&#8243; line_height=\u00bb39&#8243; font_weight=\u00bb600&#8243; letter_spacing=\u00bb1&#8243; margin_top=\u00bb20&#8243; font_family=\u00bbRaleway\u00bb font_type=\u00bbgoogle\u00bb align=\u00bbcenter\u00bb]\n<p style=\"text-align: center;\">Immaculat Cor de Maria<\/p>\n[\/mk_fancy_title][\/vc_column][vc_column width=\u00bb1\/4&#8243;][vc_single_image image=\u00bb344&#8243; img_size=\u00bb200&#215;200&#8243; alignment=\u00bbcenter\u00bb][mk_fancy_title color=\u00bb#274f77&#8243; size=\u00bb20&#8243; line_height=\u00bb39&#8243; font_weight=\u00bb600&#8243; letter_spacing=\u00bb1&#8243; margin_top=\u00bb20&#8243; font_family=\u00bbRaleway\u00bb font_type=\u00bbgoogle\u00bb align=\u00bbcenter\u00bb]\n<p style=\"text-align: center;\">Sagrada Fam\u00edlia<\/p>\n[\/mk_fancy_title][\/vc_column][vc_column width=\u00bb1\/4&#8243;][vc_single_image image=\u00bb165&#8243; img_size=\u00bb200&#215;200&#8243; alignment=\u00bbcenter\u00bb][mk_fancy_title color=\u00bb#274f77&#8243; size=\u00bb20&#8243; line_height=\u00bb39&#8243; font_weight=\u00bb600&#8243; letter_spacing=\u00bb1&#8243; margin_top=\u00bb20&#8243; font_family=\u00bbRaleway\u00bb font_type=\u00bbgoogle\u00bb align=\u00bbcenter\u00bb]\n<p style=\"text-align: center;\">Sant Tom\u00e0s d&#8217;Aquino<\/p>\n[\/mk_fancy_title][\/vc_column][\/mk_page_section][mk_page_section bg_color=\u00bb#f2f2f2&#8243; section_id=\u00bbcontacte\u00bb sidebar=\u00bbsidebar-1&#8243;][vc_column][mk_fancy_title color=\u00bb#008000&#8243; size=\u00bb30&#8243; line_height=\u00bb39&#8243; font_weight=\u00bb400&#8243; letter_spacing=\u00bb1&#8243; margin_top=\u00bb40&#8243; font_family=\u00bbRaleway\u00bb font_type=\u00bbgoogle\u00bb align=\u00bbcenter\u00bb]\n<p style=\"text-align: center;\">Tens dubtes?<\/p>\n[\/mk_fancy_title][mk_divider style=\u00bbthick_solid\u00bb divider_width=\u00bbcustom_width\u00bb custom_width=\u00bb30&#8243; border_color=\u00bb#6f91a7&#8243; margin_top=\u00bb0&#8243; margin_bottom=\u00bb40&#8243;][vc_row_inner visibility=\u00bbhidden-sm\u00bb][vc_column_inner width=\u00bb1\/4&#8243;][mk_fancy_title color=\u00bb#000000&#8243; size=\u00bb18&#8243; font_weight=\u00bb300&#8243; letter_spacing=\u00bb1&#8243; font_family=\u00bbRaleway\u00bb font_type=\u00bbgoogle\u00bb align=\u00bbcenter\u00bb]\n<p style=\"text-align: left;\">Informaci\u00f3 de Contacte<\/p>\n[\/mk_fancy_title][mk_contact_info phone=\u00bb93 207 34 58 | 93 458 52 52&#8243; address=\u00bbR1 C\/ Rossell\u00f3 344, \u00e0tics | R2 C\/ Rossell\u00f3 344, 1r 3a | 08025 Barcelona\u00bb company=\u00bbAssociaci\u00f3 Sagrada Fam\u00edlia per a Ancians\u00bb website=\u00bbrasfa.org\u00bb][\/vc_column_inner][vc_column_inner width=\u00bb3\/4&#8243;]\n<div class=\"wpcf7 no-js\" id=\"wpcf7-f197-o1\" lang=\"es-ES\" dir=\"ltr\" data-wpcf7-id=\"197\">\n<div class=\"screen-reader-response\"><p role=\"status\" aria-live=\"polite\" aria-atomic=\"true\"><\/p> <ul><\/ul><\/div>\n<form action=\"\/index.php?rest_route=%2Fwp%2Fv2%2Fpages%2F2#wpcf7-f197-o1\" method=\"post\" class=\"wpcf7-form init wpcf7-acceptance-as-validation\" aria-label=\"Formulario de contacto\" novalidate=\"novalidate\" data-status=\"init\">\n<fieldset class=\"hidden-fields-container\"><input type=\"hidden\" name=\"_wpcf7\" value=\"197\" \/><input type=\"hidden\" name=\"_wpcf7_version\" value=\"6.1.5\" \/><input type=\"hidden\" name=\"_wpcf7_locale\" value=\"es_ES\" \/><input type=\"hidden\" name=\"_wpcf7_unit_tag\" value=\"wpcf7-f197-o1\" \/><input type=\"hidden\" name=\"_wpcf7_container_post\" value=\"0\" \/><input type=\"hidden\" name=\"_wpcf7_posted_data_hash\" value=\"\" \/><input type=\"hidden\" name=\"_wpcf7_recaptcha_response\" value=\"\" \/>\n<\/fieldset>\n<table border=\"2\">\n\t<tr>\n\t\t<td>\n\t\t\t<h6 align=\"left\">Nom complet:<br \/>\n<span class=\"wpcf7-form-control-wrap\" data-name=\"nom\"><input size=\"40\" maxlength=\"400\" class=\"wpcf7-form-control wpcf7-text wpcf7-validates-as-required\" aria-required=\"true\" aria-invalid=\"false\" value=\"\" type=\"text\" name=\"nom\" \/><\/span>\n\t\t\t<\/h6>\n\t\t\t<h6 align=\"left\">Correu electr\u00f3nic:<br \/>\n<span class=\"wpcf7-form-control-wrap\" data-name=\"email\"><input size=\"40\" maxlength=\"400\" class=\"wpcf7-form-control wpcf7-email wpcf7-text wpcf7-validates-as-email\" aria-invalid=\"false\" value=\"\" type=\"email\" name=\"email\" \/><\/span>\n\t\t\t<\/h6>\n\t\t\t<h6 align=\"left\">Tel\u00e9fon:<br \/>\n<span class=\"wpcf7-form-control-wrap\" data-name=\"telefon\"><input size=\"40\" maxlength=\"400\" class=\"wpcf7-form-control wpcf7-tel wpcf7-validates-as-required wpcf7-text wpcf7-validates-as-tel\" aria-required=\"true\" aria-invalid=\"false\" value=\"\" type=\"tel\" name=\"telefon\" \/><\/span>\n\t\t\t<\/h6>\n\t\t\t<h6 align=\"left\">En qu\u00e8 et podem ajudar?<br \/>\n<span class=\"wpcf7-form-control-wrap\" data-name=\"assumpte\"><select class=\"wpcf7-form-control wpcf7-select\" aria-invalid=\"false\" name=\"assumpte\"><option value=\"\">&#8212;Por favor, elige una opci\u00f3n&#8212;<\/option><option value=\"M\u00e9s informaci\u00f3\">M\u00e9s informaci\u00f3<\/option><option value=\"Tarifes\">Tarifes<\/option><option value=\"Donacions\">Donacions<\/option><option value=\"Fer-se soci\">Fer-se soci<\/option><option value=\"Altres\">Altres<\/option><\/select><\/span>\n\t\t\t<\/h6>\n\t\t<\/td>\n\t\t<td>\n\t\t\t<h6 align=\"left\">Consulta:<br \/>\n<span class=\"wpcf7-form-control-wrap\" data-name=\"consulta\"><textarea cols=\"40\" rows=\"10\" maxlength=\"2000\" class=\"wpcf7-form-control wpcf7-textarea\" aria-invalid=\"false\" name=\"consulta\"><\/textarea><\/span>\n\t\t\t<\/h6>\n\t\t\t<h6 align=\"left\"> <span class=\"wpcf7-form-control-wrap\" data-name=\"avislegal\"><span class=\"wpcf7-form-control wpcf7-acceptance\"><span class=\"wpcf7-list-item\"><input type=\"checkbox\" name=\"avislegal\" value=\"1\" aria-invalid=\"false\" \/><\/span><\/span><\/span> He llegit i accepto la <a href=\"https:\/\/rasfa.org\/politica-de-privacitat\/\">Pol\u00edtica de Privacitat<\/a>.\n\t\t\t<\/h6>\n\t\t\t<h6 align=\"left\"><input class=\"wpcf7-form-control wpcf7-submit has-spinner\" type=\"submit\" value=\"Enviar\" \/>\n\t\t\t<\/h6>\n\t\t<\/td>\n\t<\/tr>\n<\/table><div class=\"wpcf7-response-output\" aria-hidden=\"true\"><\/div>\n<\/form>\n<\/div>\n[\/vc_column_inner][\/vc_row_inner][vc_row_inner visibility=\u00bbvisible-sm\u00bb][vc_column_inner][mk_fancy_title color=\u00bb#000000&#8243; size=\u00bb18&#8243; font_weight=\u00bb300&#8243; letter_spacing=\u00bb1&#8243; font_family=\u00bbRaleway\u00bb font_type=\u00bbgoogle\u00bb align=\u00bbcenter\u00bb]\n<p style=\"text-align: left;\">Informaci\u00f3 de Contacte<\/p>\n[\/mk_fancy_title][mk_contact_info phone=\u00bb93 207 34 58 | 93 458 52 52&#8243; address=\u00bbR1 C\/ Rossell\u00f3 344, \u00e0tics | R2 C\/ Rossell\u00f3 344, 1r 3a | 08025 Barcelona\u00bb company=\u00bbAssociaci\u00f3 Sagrada Fam\u00edlia per a Ancians\u00bb website=\u00bbrasfa.org\u00bb]\n<div class=\"wpcf7 no-js\" id=\"wpcf7-f327-o2\" lang=\"es-ES\" dir=\"ltr\" data-wpcf7-id=\"327\">\n<div class=\"screen-reader-response\"><p role=\"status\" aria-live=\"polite\" aria-atomic=\"true\"><\/p> <ul><\/ul><\/div>\n<form action=\"\/index.php?rest_route=%2Fwp%2Fv2%2Fpages%2F2#wpcf7-f327-o2\" method=\"post\" class=\"wpcf7-form init wpcf7-acceptance-as-validation\" aria-label=\"Formulario de contacto\" novalidate=\"novalidate\" data-status=\"init\">\n<fieldset class=\"hidden-fields-container\"><input type=\"hidden\" name=\"_wpcf7\" value=\"327\" \/><input type=\"hidden\" name=\"_wpcf7_version\" value=\"6.1.5\" \/><input type=\"hidden\" name=\"_wpcf7_locale\" value=\"es_ES\" \/><input type=\"hidden\" name=\"_wpcf7_unit_tag\" value=\"wpcf7-f327-o2\" \/><input type=\"hidden\" name=\"_wpcf7_container_post\" value=\"0\" \/><input type=\"hidden\" name=\"_wpcf7_posted_data_hash\" value=\"\" \/><input type=\"hidden\" name=\"_wpcf7_recaptcha_response\" value=\"\" \/>\n<\/fieldset>\n<table border=\"2\">\n\t<tr>\n\t\t<td>\n\t\t\t<h6 align=\"left\">Nom complet:<br \/>\n<span class=\"wpcf7-form-control-wrap\" data-name=\"nom\"><input size=\"40\" maxlength=\"400\" class=\"wpcf7-form-control wpcf7-text wpcf7-validates-as-required\" aria-required=\"true\" aria-invalid=\"false\" value=\"\" type=\"text\" name=\"nom\" \/><\/span>\n\t\t\t<\/h6>\n\t\t\t<h6 align=\"left\">Correu electr\u00f3nic:<br \/>\n<span class=\"wpcf7-form-control-wrap\" data-name=\"email\"><input size=\"40\" maxlength=\"400\" class=\"wpcf7-form-control wpcf7-email wpcf7-text wpcf7-validates-as-email\" aria-invalid=\"false\" value=\"\" type=\"email\" name=\"email\" \/><\/span>\n\t\t\t<\/h6>\n\t\t\t<h6 align=\"left\">Tel\u00e9fon:<br \/>\n<span class=\"wpcf7-form-control-wrap\" data-name=\"telefon\"><input size=\"40\" maxlength=\"400\" class=\"wpcf7-form-control wpcf7-tel wpcf7-validates-as-required wpcf7-text wpcf7-validates-as-tel\" aria-required=\"true\" aria-invalid=\"false\" value=\"\" type=\"tel\" name=\"telefon\" \/><\/span>\n\t\t\t<\/h6>\n\t\t\t<h6 align=\"left\">En qu\u00e8 et podem ajudar?<br \/>\n<span class=\"wpcf7-form-control-wrap\" data-name=\"assumpte\"><select class=\"wpcf7-form-control wpcf7-select\" aria-invalid=\"false\" name=\"assumpte\"><option value=\"\">&#8212;Por favor, elige una opci\u00f3n&#8212;<\/option><option value=\"M\u00e9s informaci\u00f3\">M\u00e9s informaci\u00f3<\/option><option value=\"Tarifes\">Tarifes<\/option><option value=\"Donacions\">Donacions<\/option><option value=\"Fer-se soci\">Fer-se soci<\/option><option value=\"Altres\">Altres<\/option><\/select><\/span>\n\t\t\t<\/h6>\n\t\t\t<h6 align=\"left\">Consulta:<br \/>\n<span class=\"wpcf7-form-control-wrap\" data-name=\"consulta\"><textarea cols=\"40\" rows=\"10\" maxlength=\"2000\" class=\"wpcf7-form-control wpcf7-textarea\" aria-invalid=\"false\" name=\"consulta\"><\/textarea><\/span>\n\t\t\t<\/h6>\n\t\t\t<h6 align=\"left\"> <span class=\"wpcf7-form-control-wrap\" data-name=\"avislegal\"><span class=\"wpcf7-form-control wpcf7-acceptance\"><span class=\"wpcf7-list-item\"><input type=\"checkbox\" name=\"avislegal\" value=\"1\" aria-invalid=\"false\" \/><\/span><\/span><\/span> He llegit i accepto la <a href=\"https:\/\/rasfa.org\/politica-de-privacitat\/\">Pol\u00edtica de Privacitat<\/a>.\n\t\t\t<\/h6>\n\t\t\t<h6 align=\"left\"><input class=\"wpcf7-form-control wpcf7-submit has-spinner\" type=\"submit\" value=\"Enviar\" \/>\n\t\t\t<\/h6>\n\t\t<\/td>\n\t<\/tr>\n<\/table><div class=\"wpcf7-response-output\" aria-hidden=\"true\"><\/div>\n<\/form>\n<\/div>\n[\/vc_column_inner][\/vc_row_inner][\/vc_column][\/mk_page_section][mk_page_section min_height=\u00bb0&#8243; full_width=\u00bbtrue\u00bb padding_bottom=\u00bb0&#8243; section_id=\u00bbmapa\u00bb sidebar=\u00bbsidebar-1&#8243;][vc_column][mk_fancy_title color=\u00bb#008000&#8243; size=\u00bb30&#8243; line_height=\u00bb39&#8243; font_weight=\u00bb400&#8243; letter_spacing=\u00bb1&#8243; margin_top=\u00bb40&#8243; font_family=\u00bbRaleway\u00bb font_type=\u00bbgoogle\u00bb align=\u00bbcenter\u00bb]\n<p style=\"text-align: center;\">On trobar-nos?<\/p>\n[\/mk_fancy_title][mk_divider style=\u00bbthick_solid\u00bb divider_width=\u00bbcustom_width\u00bb custom_width=\u00bb30&#8243; border_color=\u00bb#6f91a7&#8243; margin_top=\u00bb0&#8243; margin_bottom=\u00bb40&#8243;][mk_advanced_gmaps latitude=\u00bb41.402807&#8243; longitude=\u00bb2.170134800000028&#8243; address=\u00bbCarrer Rosell\u00f3, 344 08025 Barcelona\u00bb map_zoom=\u00bb19&#8243;][\/vc_column][\/mk_page_section]\n","protected":false},"excerpt":{"rendered":"<p>[mk_page_section bg_image=\u00bbhttps:\/\/rasfa.org\/wp-content\/uploads\/2018\/05\/home.jpg\u00bb blend_mode=\u00bbdarken\u00bb border_color=\u00bb#e5e5e5&#8243; attachment=\u00bbfixed\u00bb bg_position=\u00bbcenter center\u00bb bg_repeat=\u00bbno-repeat\u00bb bg_stretch=\u00bbtrue\u00bb enable_3d=\u00bbtrue\u00bb top_shadow=\u00bbtrue\u00bb min_height=\u00bb600&#8243; padding_top=\u00bb0&#8243; padding_bottom=\u00bb0&#8243; sidebar=\u00bbsidebar-1&#8243;][vc_column][mk_fancy_title tag_name=\u00bbh1&#8243; color=\u00bb#ffffff\u00bb size=\u00bb40&#8243; line_height=\u00bb104&#8243; font_weight=\u00bbbolder\u00bb font_style=\u00bbnormal\u00bb letter_spacing=\u00bb1&#8243; margin_top=\u00bb350&#8243; font_family=\u00bbnone\u00bb align=\u00bbcenter\u00bb animation=\u00bbfade-in\u00bb] Associaci\u00f3 Sagrada Fam\u00edlia per a ancians [\/mk_fancy_title][\/vc_column][\/mk_page_section][mk_page_section bg_color=\u00bb#769dbf\u00bb js_vertical_centered=\u00bbtrue\u00bb sidebar=\u00bbsidebar-1&#8243;][vc_column][mk_fancy_title color=\u00bb#ffffff\u00bb size=\u00bb16&#8243; font_weight=\u00bbbold\u00bb letter_spacing=\u00bb1&#8243; margin_bottom=\u00bb0&#8243; font_family=\u00bbRaleway\u00bb font_type=\u00bbgoogle\u00bb align=\u00bbcenter\u00bb] Complim amb totes les mesures COVID-19 i protocols d\u2019actuaci\u00f3 macats per [&hellip;]<\/p>\n","protected":false},"author":1,"featured_media":0,"parent":0,"menu_order":0,"comment_status":"closed","ping_status":"open","template":"","meta":{"footnotes":""},"class_list":["post-2","page","type-page","status-publish","hentry"],"_links":{"self":[{"href":"https:\/\/rasfa.org\/index.php?rest_route=\/wp\/v2\/pages\/2","targetHints":{"allow":["GET"]}}],"collection":[{"href":"https:\/\/rasfa.org\/index.php?rest_route=\/wp\/v2\/pages"}],"about":[{"href":"https:\/\/rasfa.org\/index.php?rest_route=\/wp\/v2\/types\/page"}],"author":[{"embeddable":true,"href":"https:\/\/rasfa.org\/index.php?rest_route=\/wp\/v2\/users\/1"}],"replies":[{"embeddable":true,"href":"https:\/\/rasfa.org\/index.php?rest_route=%2Fwp%2Fv2%2Fcomments&post=2"}],"version-history":[{"count":307,"href":"https:\/\/rasfa.org\/index.php?rest_route=\/wp\/v2\/pages\/2\/revisions"}],"predecessor-version":[{"id":454,"href":"https:\/\/rasfa.org\/index.php?rest_route=\/wp\/v2\/pages\/2\/revisions\/454"}],"wp:attachment":[{"href":"https:\/\/rasfa.org\/index.php?rest_route=%2Fwp%2Fv2%2Fmedia&parent=2"}],"curies":[{"name":"wp","href":"https:\/\/api.w.org\/{rel}","templated":true}]}}