{"id":271,"date":"2018-05-21T14:34:29","date_gmt":"2018-05-21T14:34:29","guid":{"rendered":"https:\/\/rasfa.org\/?page_id=271"},"modified":"2018-05-21T15:26:54","modified_gmt":"2018-05-21T15:26:54","slug":"avis-legal","status":"publish","type":"page","link":"https:\/\/rasfa.org\/?page_id=271","title":{"rendered":"Av\u00eds Legal"},"content":{"rendered":"[vc_row][vc_column][mk_fancy_title color=\u00bb#122a41&#8243; size=\u00bb24&#8243; font_family=\u00bbnone\u00bb]Av\u00eds Legal[\/mk_fancy_title][vc_column_text css=\u00bb.vc_custom_1526915874863{margin-bottom: 0px !important;}\u00bb]En compliment de la Llei 34\/2002, d&#8217;11 de juliol, de Serveis de la Societat de la Informaci\u00f3 i de Comer\u00e7 electr\u00f2nic, s\u2019informa a l\u2019Usuari que el titular de la p\u00e0gina web www.rasfa.org \u00e9s d\u2019ASSOCIACI\u00d3 SAGRADA FAM\u00cdLIA PER A ANCIANS, i les seves dades d\u2019identificaci\u00f3 s\u00f3n les seg\u00fcents:<\/p>\n<p><b>Domicili social:<\/b> Carrer Rossell\u00f3, 324<br \/>\n<b>CP:<\/b> 08025<br \/>\n<b>Poblaci\u00f3:<\/b> Barcelona Prov\u00edncia: Barcelona<br \/>\n<b>CIF:<\/b> G08667321<br \/>\n<b>Correu electr\u00f2nic:<\/b> resisagradafamilia@yahoo.es<br \/>\n<b>Dades del registre:<\/b> Inscrita Inscrita en el Registre d\u2019Associacions de la Generalitat de Catalunya, amb n\u00famero 4665 de la secci\u00f3 1\u00aa del Registre de Barcelona.[\/vc_column_text][mk_fancy_title color=\u00bb#008000&#8243; size=\u00bb20&#8243; margin_top=\u00bb20&#8243; font_family=\u00bbnone\u00bb]1. Accedir a la p\u00e0gina web[\/mk_fancy_title][vc_column_text css=\u00bb.vc_custom_1526915782926{margin-bottom: 0px !important;}\u00bb]L\u2019av\u00eds Legal regula l\u2019acc\u00e9s i \u00fas dels Usuaris a la p\u00e0gina web i t\u00e9 per objectiu donar a con\u00e8ixer els serveis i productes de l&#8217;entitat i permetre l&#8217;acc\u00e9s general de tots els usuaris d&#8217;Internet.<br \/>\nL&#8217;acc\u00e9s i\/o \u00fas de la Web atribueix a qui ho realitza la condici\u00f3 d&#8217;Usuari i l&#8217;acceptaci\u00f3, sense reserves de cap classe, de totes i cadascuna de les presents condicions generals, aix\u00ed com d&#8217;aquelles altres particulars que, si escau, regeixin la utilitzaci\u00f3 del Portal o dels serveis vinculats al mateix.<br \/>\nL&#8217;usuari ha de llegir atentament l\u2019Av\u00eds Legal i les Pol\u00edtiques de Privacitat i de Cookies quan es proposi utilitzar la P\u00e0gina Web, ja que ASSOCIACI\u00d3 SAGRADA FAM\u00cdLIA PER A ANCIANS es reserva la facultat de realitzar, en qualsevol moment i sense necessitat de cap preav\u00eds, qualsevol modificaci\u00f3 o actualitzaci\u00f3 dels continguts i serveis, de les presents disposicions d&#8217;acc\u00e9s i \u00fas i, en general, de quants elements integrin el disseny i configuraci\u00f3 del seu Web. Si no accepta les condicions d\u2019acc\u00e9s i \u00fas, li preguem s&#8217;abstingui d&#8217;utilitzar el Web i el seu contingut.[\/vc_column_text][mk_fancy_title color=\u00bb#008000&#8243; size=\u00bb20&#8243; margin_top=\u00bb20&#8243; font_family=\u00bbnone\u00bb]2. Utilitzaci\u00f3 de la p\u00e0gina web[\/mk_fancy_title][vc_column_text css=\u00bb.vc_custom_1526916018522{margin-bottom: 0px !important;}\u00bb]L&#8217;Usuari es compromet a fer un \u00fas diligent de la P\u00e0gina Web, aix\u00ed com de la informaci\u00f3 relativa als seus serveis i\/o activitats, amb total subjecci\u00f3 tant a la normativa aplicable, aix\u00ed com amb la moral i els bons costums generalment acceptades i l&#8217;ordre p\u00fablic, les condicions d\u2019acc\u00e9s i \u00fas i qualssevol altres condicions establertes a la P\u00e0gina Web.<br \/>\nA m\u00e9s, es compromet a abstenir-se d&#8217;utilitzar qualsevol dels continguts amb finalitats o efectes il\u00b7l\u00edcits, prohibits en el present text, lesius dels drets i interessos de tercers, o que de qualsevol forma puguin danyar, inutilitzar, sobrecarregar, deteriorar o<br \/>\nimpedir la normal utilitzaci\u00f3 dels continguts, d&#8217;altres Usuaris o de qualsevol usuari d&#8217;Internet (maquinari i programari).[\/vc_column_text][mk_fancy_title color=\u00bb#008000&#8243; size=\u00bb20&#8243; margin_top=\u00bb20&#8243; font_family=\u00bbnone\u00bb]3. Funcionament de la p\u00e0gina web[\/mk_fancy_title][vc_column_text css=\u00bb.vc_custom_1526916051922{margin-bottom: 0px !important;}\u00bb]En cas d\u2019incompliment de les condicions de l\u2019Av\u00eds Legal, o les Pol\u00edtiques de Privacitat i Cookies, ASSOCIACI\u00d3 SAGRADA FAM\u00cdLIA PER A ANCIANS es reserva el dret a limitar, suspendre i\/o excloure l\u2019acc\u00e9s a la seva P\u00e0gina Web, adoptant qualsevol mesura t\u00e8cnica necess\u00e0ria al seu respecte. ASSOCIACI\u00d3 SAGRADA FAM\u00cdLIA PER A ANCIANS far\u00e0 el possible per mantenir la p\u00e0gina Web en bon funcionament, evitant errors, o b\u00e9 reparant-los i mantenint els continguts actualitzats Ara b\u00e9, ASSOCIACI\u00d3 SAGRADA FAM\u00cdLIA PER A ANCIANS no garanteix la disponibilitat i continu\u00eftat en l\u2019acc\u00e9s a la P\u00e0gina Web ni la inexist\u00e8ncia d\u2019errors en el contingut.[\/vc_column_text][mk_fancy_title color=\u00bb#008000&#8243; size=\u00bb20&#8243; margin_top=\u00bb20&#8243; font_family=\u00bbnone\u00bb]4. Responsabilitat[\/mk_fancy_title][vc_column_text css=\u00bb.vc_custom_1526916091287{margin-bottom: 0px !important;}\u00bb]L\u2019Usuari \u00e9s l\u2019\u00fanic responsable de l\u2019\u00fas que es pugui fer de qualsevol informaci\u00f3 o mecanisme de la P\u00e0gina Web.<br \/>\nASSOCIACI\u00d3 SAGRADA FAM\u00cdLIA PER A ANCIANS no es far\u00e0 responsable de cap dany en el hardware i\/o software de l\u2019Usuari que es derivi de l\u2019acc\u00e9s i \u00fas de la P\u00e0gina Web. Aix\u00ed mateix, tampoc es responsabilitzar\u00e0 d\u2019aquests danys i\/o perjudicis que es puguin ocasionar per l\u2019acc\u00e9s i\/o \u00fas de la informaci\u00f3 de la P\u00e0gina Web, i en concret dels que es puguin produir en sistemes inform\u00e0tics o els provocats per virus \/o atacs inform\u00e0tics, caigudes, interrupcions abs\u00e8ncia o defecte en les comunicacions i\/o Internet.<br \/>\nL\u2019Usuari ser\u00e0 responsable dels danys i\/o perjudicis que ASSOCIACI\u00d3 SAGRADA FAM\u00cdLIA PER A ANCIANS pugui patir com a conseq\u00fc\u00e8ncia de l\u2019incompliment de qualsevol de els obligacions a les que queda sotm\u00e8s a trav\u00e9s del present Av\u00eds Legal, la normativa aplicable i Pol\u00edtica de Privacitat i de Cookies.[\/vc_column_text][mk_fancy_title color=\u00bb#008000&#8243; size=\u00bb20&#8243; margin_top=\u00bb20&#8243; font_family=\u00bbnone\u00bb]5. Pol\u00edtica en mat\u00e8ria de \u201clinks\u201d (web enlla\u00e7ant i web enlla\u00e7ada)[\/mk_fancy_title][mk_fancy_title color=\u00bb#6f91a7&#8243; size=\u00bb18&#8243; margin_top=\u00bb20&#8243; font_family=\u00bbnone\u00bb]a) Web enlla\u00e7ant[\/mk_fancy_title][vc_column_text css=\u00bb.vc_custom_1526916353737{margin-bottom: 0px !important;}\u00bb]Els tercers que tinguin la intenci\u00f3 d\u2019incloure en una p\u00e0gina web un enlla\u00e7 de la present p\u00e0gina web hauran de complir amb la legislaci\u00f3 vigent i no podran allotjar continguts que siguin inapropiats, il\u00b7l\u00edcits, pornogr\u00e0fics, violents, etc.<br \/>\nEn cap cas ASSOCIACI\u00d3 SAGRADA FAM\u00cdLIA PER A ANCIANS es fa responsable del contingut de la P\u00e0gina Web, ni promou, garanteix, supervisa ni recomana els continguts d\u2019aquesta.<br \/>\nSi la Web enlla\u00e7ant incompleix algun del aspectes anteriors estar\u00e0 obligat a suprimir l\u2019enlla\u00e7 de manera immediata.[\/vc_column_text][mk_fancy_title color=\u00bb#6f91a7&#8243; size=\u00bb18&#8243; margin_top=\u00bb20&#8243; font_family=\u00bbnone\u00bb]b) Web enlla\u00e7ada[\/mk_fancy_title][vc_column_text css=\u00bb.vc_custom_1526916370919{margin-bottom: 0px !important;}\u00bb]En aquesta P\u00e0gina Web es poden incloure enlla\u00e7os de p\u00e0gines web de tercers que permetin a l\u2019Usuari accedir-hi. No obstant, ASSOCIACI\u00d3 SAGRADA FAM\u00cdLIA PER A ANCIANS no es fa responsable del contingut d\u2019aquestes p\u00e0gines web enlla\u00e7ades, sin\u00f3 que ser\u00e0 l\u2019Usuari l\u2019encarregat d\u2019acceptar i comprovar els accessos cada vegada que hi accedeixi.<br \/>\nTals enlla\u00e7os o esments tenen una finalitat que no impliquen el suport, l&#8217;aprovaci\u00f3, comercialitzaci\u00f3 o relaci\u00f3 alguna entre la p\u00e0gina i les persones o entitats titulars dels llocs on es trobin.[\/vc_column_text][mk_fancy_title color=\u00bb#008000&#8243; size=\u00bb20&#8243; margin_top=\u00bb20&#8243; font_family=\u00bbnone\u00bb]6. Propietat intel\u00b7lectual i industrial sobre els continguts[\/mk_fancy_title][vc_column_text css=\u00bb.vc_custom_1526916146132{margin-bottom: 0px !important;}\u00bb]ASSOCIACI\u00d3 SAGRADA FAM\u00cdLIA PER A ANCIANS, o els seus llicenciants, s\u00f3n titulars de tots els drets de propietat intel\u00b7lectual sobre els Continguts de la P\u00e0gina Web, entenent com a tal tots els dissenys, bases de dades, programes d\u2019ordinadors subjacents (codi font, incl\u00f2s), aix\u00ed com els diferents elements que integren la P\u00e0gina Web (textos, gr\u00e0fics, fotografies, v\u00eddeos, colors, etc.), estructura, ordre, etc. En relaci\u00f3 a les marques i noms comercials (\u201csignes distintius\u201d) s\u00f3n titularitat de ASSOCIACI\u00d3 SAGRADA FAM\u00cdLIA PER A ANCIANS o els llicenciants.<br \/>\nL\u2019\u00fas de la P\u00e0gina Web per part de l\u2019Usuari no suposa la cessi\u00f3 de cap dret de propietat intel\u00b7lectual ni industrial. L\u2019Usuari t\u00e9 totalment prohibit de reproduir, copiar, distribuir, posar a disposici\u00f3 o de qualsevol altra forma de comunicar p\u00fablicament, transformar o modificar els Continguts o els Signes distintius, tret que es compti amb l&#8217;autoritzaci\u00f3 del titular dels corresponents drets o aix\u00f2 resulti legalment perm\u00e8s.[\/vc_column_text][mk_fancy_title color=\u00bb#008000&#8243; size=\u00bb20&#8243; margin_top=\u00bb20&#8243; font_family=\u00bbnone\u00bb]7. Publicitat[\/mk_fancy_title][vc_column_text css=\u00bb.vc_custom_1526916176721{margin-bottom: 0px !important;}\u00bb]A la p\u00e0gina Web podran allotjar-se continguts publicitaris o patrocinats. Els anunciants o patrocinadors s\u00f3n els \u00fanics responsables d&#8217;assegurar-se que el material rem\u00e8s per a la seva inclusi\u00f3 en la Web compleix amb les lleis que en cada cas puguin ser aplicable.<br \/>\nASSOCIACI\u00d3 SAGRADA FAM\u00cdLIA PER A ANCIANS no ser\u00e0 responsable de cap error, inexactitud o irregularitat que puguin contenir els continguts publicitaris o dels patrocinadors.[\/vc_column_text][mk_fancy_title color=\u00bb#008000&#8243; size=\u00bb20&#8243; margin_top=\u00bb20&#8243; font_family=\u00bbnone\u00bb]8.\u00a0Legislaci\u00f3 aplicable[\/mk_fancy_title][vc_column_text css=\u00bb.vc_custom_1526916211016{margin-bottom: 0px !important;}\u00bb]L\u2019Av\u00eds Legal es regir\u00e0 i interpretar\u00e0 de conformitat amb la legislaci\u00f3 espanyola.<br \/>\nPer la resoluci\u00f3 de qualsevol conflicte que pogu\u00e9s derivar-se de l\u2019acc\u00e9s al lloc web, es sotmetran als jutjats o tribunals pertinents de conformitat amb la normativa de consumidors i usuaris.[\/vc_column_text][mk_fancy_title color=\u00bb#008000&#8243; size=\u00bb20&#8243; margin_top=\u00bb20&#8243; font_family=\u00bbnone\u00bb]9. Contacte[\/mk_fancy_title][vc_column_text css=\u00bb.vc_custom_1526916238382{margin-bottom: 0px !important;}\u00bb]Per qualsevol pregunta o comentari sobre el present Av\u00eds Legal us podeu posar en contacte amb nosaltres a trav\u00e9s del correu electr\u00f2nic resisagradafamilia@yahoo.es.[\/vc_column_text][\/vc_column][\/vc_row]\n","protected":false},"excerpt":{"rendered":"<p>[vc_row][vc_column][mk_fancy_title color=\u00bb#122a41&#8243; size=\u00bb24&#8243; font_family=\u00bbnone\u00bb]Av\u00eds Legal[\/mk_fancy_title][vc_column_text css=\u00bb.vc_custom_1526915874863{margin-bottom: 0px !important;}\u00bb]En compliment de la Llei 34\/2002, d&#8217;11 de juliol, de Serveis de la Societat de la Informaci\u00f3 i de Comer\u00e7 electr\u00f2nic, s\u2019informa a l\u2019Usuari que el titular de la p\u00e0gina web www.rasfa.org \u00e9s d\u2019ASSOCIACI\u00d3 SAGRADA FAM\u00cdLIA PER A ANCIANS, i les seves dades d\u2019identificaci\u00f3 s\u00f3n les seg\u00fcents: Domicili [&hellip;]<\/p>\n","protected":false},"author":1,"featured_media":0,"parent":0,"menu_order":0,"comment_status":"closed","ping_status":"closed","template":"","meta":{"footnotes":""},"class_list":["post-271","page","type-page","status-publish","hentry"],"_links":{"self":[{"href":"https:\/\/rasfa.org\/index.php?rest_route=\/wp\/v2\/pages\/271","targetHints":{"allow":["GET"]}}],"collection":[{"href":"https:\/\/rasfa.org\/index.php?rest_route=\/wp\/v2\/pages"}],"about":[{"href":"https:\/\/rasfa.org\/index.php?rest_route=\/wp\/v2\/types\/page"}],"author":[{"embeddable":true,"href":"https:\/\/rasfa.org\/index.php?rest_route=\/wp\/v2\/users\/1"}],"replies":[{"embeddable":true,"href":"https:\/\/rasfa.org\/index.php?rest_route=%2Fwp%2Fv2%2Fcomments&post=271"}],"version-history":[{"count":8,"href":"https:\/\/rasfa.org\/index.php?rest_route=\/wp\/v2\/pages\/271\/revisions"}],"predecessor-version":[{"id":286,"href":"https:\/\/rasfa.org\/index.php?rest_route=\/wp\/v2\/pages\/271\/revisions\/286"}],"wp:attachment":[{"href":"https:\/\/rasfa.org\/index.php?rest_route=%2Fwp%2Fv2%2Fmedia&parent=271"}],"curies":[{"name":"wp","href":"https:\/\/api.w.org\/{rel}","templated":true}]}}