{"id":273,"date":"2018-05-21T14:34:43","date_gmt":"2018-05-21T14:34:43","guid":{"rendered":"https:\/\/rasfa.org\/?page_id=273"},"modified":"2018-05-21T15:37:57","modified_gmt":"2018-05-21T15:37:57","slug":"politica-de-privacitat","status":"publish","type":"page","link":"https:\/\/rasfa.org\/?page_id=273","title":{"rendered":"Pol\u00edtica de Privacitat"},"content":{"rendered":"[vc_row][vc_column][mk_fancy_title color=\u00bb#122a41&#8243; size=\u00bb24&#8243; font_family=\u00bbnone\u00bb]Pol\u00edtica de Privacitat[\/mk_fancy_title][vc_column_text css=\u00bb.vc_custom_1526916605911{margin-bottom: 0px !important;}\u00bb]De conformitat amb el Reglament (UE) 2016\/679, de 27 d&#8217;abril de 2016, relatiu a la protecci\u00f3 de les persones f\u00edsiques pel que fa al tractament de dades personals i a la lliure circulaci\u00f3 d&#8217;aquestes dades i la normativa en Protecci\u00f3 de Dades que correspongui, ASSOCIACI\u00d3 SAGRADA FAM\u00cdLIA PER A ANCIANS informa als Usuaris:[\/vc_column_text][mk_table]\n<table width=\"100%\">\n<thead>\n<tr>\n<th colspan=\"2\">Informaci\u00f3 b\u00e0sica sobre Protecci\u00f3 de Dades<\/th>\n<\/tr>\n<\/thead>\n<tbody>\n<tr>\n<td style=\"text-align: left;\"><strong>Responsable<\/strong><\/td>\n<td style=\"text-align: left;\">ASSOCIACI\u00d3 SAGRADA FAM\u00cdLIA PER A ANCIANS<br \/>\nG08667321<br \/>\nCarrer Rossell\u00f3, 324 \u2013 08025 Barcelona<\/td>\n<\/tr>\n<tr>\n<td style=\"text-align: left;\"><strong>Finalitat<\/strong><\/td>\n<td style=\"text-align: left;\">\n<ul>\n<li>Gestionar les dades a les quals l\u2019empresa accedeix com a conseq\u00fc\u00e8ncia de la navegaci\u00f3 i\/o consulta.<\/li>\n<li>Gestionar la seva consulta o sol\u00b7licitud.<\/li>\n<li>Enviar-li comunicacions comercials i publicit\u00e0ries referents a activitats i projectes relacionats amb l\u2019entitat, nom\u00e9s en cas d\u2019acceptaci\u00f3.<\/li>\n<\/ul>\n<\/td>\n<\/tr>\n<tr>\n<td style=\"text-align: left;\"><strong>Legitimaci\u00f3<\/strong><\/td>\n<td style=\"text-align: left;\">Consentiment de l&#8217;interessat<\/td>\n<\/tr>\n<tr>\n<td style=\"text-align: left;\"><strong>Destinataris<\/strong><\/td>\n<td style=\"text-align: left;\">No se cediran les dades a tercers, tret d\u2019obligaci\u00f3 legal<\/td>\n<\/tr>\n<tr>\n<td style=\"text-align: left;\"><strong>Drets<\/strong><\/td>\n<td>\n<p style=\"text-align: left;\">Accedir, rectificar i suprimir les dades, aix\u00ed com els altres drets, com s\u00f3n la limitaci\u00f3 del tractament i el dret a la portabilitat de les dades, tal com determina la normativa vigent en protecci\u00f3 de dades, adre\u00e7ant-se per escrit, acompanyant fotoc\u00f2pia de DNI, al domicili de l\u2019entitat.<\/p>\n<\/td>\n<\/tr>\n<\/tbody>\n<\/table>\n[\/mk_table][vc_column_text css=\u00bb.vc_custom_1526916643036{margin-bottom: 0px !important;}\u00bb]Abans de l&#8217;enviament de qualsevol sol\u00b7licitud d&#8217;informaci\u00f3 a trav\u00e9s del formulari de contacte d&#8217;aquesta p\u00e0gina web, l&#8217;usuari ha d&#8217;acceptar la pol\u00edtica de privacitat de la mateixa, amb la finalitat de prestar el consentiment expr\u00e9s i informat pel tractament de les dades amb les finalitats indicades.[\/vc_column_text][mk_fancy_title color=\u00bb#008000&#8243; size=\u00bb20&#8243; margin_top=\u00bb20&#8243; font_family=\u00bbnone\u00bb]\u00c9s obligatori proporcionar tota la informaci\u00f3 sol\u00b7licitada en els formularis de la p\u00e0gina web?[\/mk_fancy_title][vc_column_text css=\u00bb.vc_custom_1526916696242{margin-bottom: 0px !important;}\u00bb]En relaci\u00f3 al formulari de la p\u00e0gina web, l&#8217;Usuari ha d\u2019omplir els marcats com a \u00abobligatoris\u00bb. No completar les dades personals requerides o fer-ho parcialment pot suposar que ASSOCIACI\u00d3 SAGRADA FAM\u00cdLIA PER A ANCIANS no pugui atendre les seves sol\u00b7licituds i, en conseq\u00fc\u00e8ncia, ASSOCIACI\u00d3 SAGRADA FAM\u00cdLIA PER A ANCIANS quedar\u00e0 exonerada de tota responsabilitat per la no prestaci\u00f3 o la prestaci\u00f3<br \/>\nincompleta dels serveis sol\u00b7licitats. Les dades personals que l&#8217;Usuari facilita a ASSOCIACI\u00d3 SAGRADA FAM\u00cdLIA PER A ANCIANS han de ser actuals perqu\u00e8 la informaci\u00f3 dels registres estigui actualitza i sense errors. L&#8217;Usuari respondr\u00e0 de la veracitat de les dades facilitades.[\/vc_column_text][mk_fancy_title color=\u00bb#008000&#8243; size=\u00bb20&#8243; margin_top=\u00bb20&#8243; font_family=\u00bbnone\u00bb]Menors d&#8217;edat[\/mk_fancy_title][vc_column_text css=\u00bb.vc_custom_1526916732031{margin-bottom: 0px !important;}\u00bb]Els menors de 18 anys no poden cedir les seves dades personals a ASSOCIACI\u00d3 SAGRADA FAM\u00cdLIA PER A ANCIANS, sense el previ consentiment dels seus pares i\/o tutors legals.<br \/>\nEn cas que ASSOCIACI\u00d3 SAGRADA FAM\u00cdLIA PER A ANCIANS detect\u00e9s que l&#8217;usuari \u00e9s menor de 18 anys es reserva el dret a sol\u00b7licitar una c\u00f2pia del seu DNI o document d&#8217;identitat equivalent, o, si s&#8217;escau, l&#8217;autoritzaci\u00f3 dels seus pares i\/o tutors legals, causant baixa en cas de no acreditar el compliment d&#8217;aquest requisit o manca de resposta.[\/vc_column_text][mk_fancy_title color=\u00bb#008000&#8243; size=\u00bb20&#8243; margin_top=\u00bb20&#8243; font_family=\u00bbnone\u00bb]Quines mesures de seguretat t\u00e9 implantada l&#8217;entitat?[\/mk_fancy_title][vc_column_text css=\u00bb.vc_custom_1526916810565{margin-bottom: 0px !important;}\u00bb]ASSOCIACI\u00d3 SAGRADA FAM\u00cdLIA PER A ANCIANS informa que t\u00e9 implantades les mesures de seguretat d&#8217;\u00edndole t\u00e8cnica i organitzatives necess\u00e0ries que garanteixin la seguretat de les dades de car\u00e0cter personal de l&#8217;Usuari i evitin la seva alteraci\u00f3, p\u00e8rdua, tractament i\/o acc\u00e9s no autoritzat d&#8217;acord amb l&#8217;estat de la tecnologia, la naturalesa de les dades emmagatzemades i els riscos a qu\u00e8 estan exposats, tant si provenen de l&#8217;acci\u00f3 humana o del medi f\u00edsic o natural, de conformitat amb el que preveu la normativa vigent.[\/vc_column_text][\/vc_column][\/vc_row]\n","protected":false},"excerpt":{"rendered":"<p>[vc_row][vc_column][mk_fancy_title color=\u00bb#122a41&#8243; size=\u00bb24&#8243; font_family=\u00bbnone\u00bb]Pol\u00edtica de Privacitat[\/mk_fancy_title][vc_column_text css=\u00bb.vc_custom_1526916605911{margin-bottom: 0px !important;}\u00bb]De conformitat amb el Reglament (UE) 2016\/679, de 27 d&#8217;abril de 2016, relatiu a la protecci\u00f3 de les persones f\u00edsiques pel que fa al tractament de dades personals i a la lliure circulaci\u00f3 d&#8217;aquestes dades i la normativa en Protecci\u00f3 de Dades que correspongui, ASSOCIACI\u00d3 SAGRADA FAM\u00cdLIA [&hellip;]<\/p>\n","protected":false},"author":1,"featured_media":0,"parent":0,"menu_order":0,"comment_status":"closed","ping_status":"closed","template":"","meta":{"footnotes":""},"class_list":["post-273","page","type-page","status-publish","hentry"],"_links":{"self":[{"href":"https:\/\/rasfa.org\/index.php?rest_route=\/wp\/v2\/pages\/273","targetHints":{"allow":["GET"]}}],"collection":[{"href":"https:\/\/rasfa.org\/index.php?rest_route=\/wp\/v2\/pages"}],"about":[{"href":"https:\/\/rasfa.org\/index.php?rest_route=\/wp\/v2\/types\/page"}],"author":[{"embeddable":true,"href":"https:\/\/rasfa.org\/index.php?rest_route=\/wp\/v2\/users\/1"}],"replies":[{"embeddable":true,"href":"https:\/\/rasfa.org\/index.php?rest_route=%2Fwp%2Fv2%2Fcomments&post=273"}],"version-history":[{"count":3,"href":"https:\/\/rasfa.org\/index.php?rest_route=\/wp\/v2\/pages\/273\/revisions"}],"predecessor-version":[{"id":288,"href":"https:\/\/rasfa.org\/index.php?rest_route=\/wp\/v2\/pages\/273\/revisions\/288"}],"wp:attachment":[{"href":"https:\/\/rasfa.org\/index.php?rest_route=%2Fwp%2Fv2%2Fmedia&parent=273"}],"curies":[{"name":"wp","href":"https:\/\/api.w.org\/{rel}","templated":true}]}}